{"id":41,"date":"2021-01-17T14:29:43","date_gmt":"2021-01-17T13:29:43","guid":{"rendered":"http:\/\/szymonzywicki.pl\/?page_id=41"},"modified":"2024-01-19T12:09:48","modified_gmt":"2024-01-19T11:09:48","slug":"kontakt","status":"publish","type":"page","link":"https:\/\/wroc.law\/index.php\/kontakt\/","title":{"rendered":"Kontakt"},"content":{"rendered":"\t\t<div data-elementor-type=\"wp-post\" data-elementor-id=\"41\" class=\"elementor elementor-41\">\n\t\t\t\t\t\t<section class=\"elementor-section elementor-top-section elementor-element elementor-element-4c2921f elementor-section-boxed elementor-section-height-default elementor-section-height-default\" data-id=\"4c2921f\" data-element_type=\"section\">\n\t\t\t\t\t\t<div class=\"elementor-container elementor-column-gap-default\">\n\t\t\t\t\t<div class=\"elementor-column elementor-col-100 elementor-top-column elementor-element elementor-element-8397833\" data-id=\"8397833\" data-element_type=\"column\">\n\t\t\t<div class=\"elementor-widget-wrap elementor-element-populated\">\n\t\t\t\t\t\t<div class=\"elementor-element elementor-element-a14476c elementor-widget elementor-widget-text-editor\" data-id=\"a14476c\" data-element_type=\"widget\" data-widget_type=\"text-editor.default\">\n\t\t\t\t<div class=\"elementor-widget-container\">\n\t\t\t\t\t\t\t\t\t<p style=\"text-align: center;\">Kontakt z Kancelari\u0105 mo\u017cliwy jest w nast\u0119puj\u0105cych formach:<\/p>\t\t\t\t\t\t\t\t<\/div>\n\t\t\t\t<\/div>\n\t\t\t\t\t<\/div>\n\t\t<\/div>\n\t\t\t\t\t<\/div>\n\t\t<\/section>\n\t\t\t\t<section class=\"elementor-section elementor-top-section elementor-element elementor-element-d9cb81a elementor-section-stretched elementor-section-boxed elementor-section-height-default elementor-section-height-default\" data-id=\"d9cb81a\" data-element_type=\"section\" data-settings=\"{&quot;stretch_section&quot;:&quot;section-stretched&quot;}\">\n\t\t\t\t\t\t<div class=\"elementor-container elementor-column-gap-wide\">\n\t\t\t\t\t<div class=\"elementor-column elementor-col-33 elementor-top-column elementor-element elementor-element-11a56fb\" data-id=\"11a56fb\" data-element_type=\"column\">\n\t\t\t<div class=\"elementor-widget-wrap elementor-element-populated\">\n\t\t\t\t\t\t<div class=\"elementor-element elementor-element-09d07f6 elementor-widget elementor-widget-image\" data-id=\"09d07f6\" data-element_type=\"widget\" data-widget_type=\"image.default\">\n\t\t\t\t<div class=\"elementor-widget-container\">\n\t\t\t\t\t\t\t\t\t\t\t\t\t\t\t<img decoding=\"async\" width=\"1\" height=\"1\" src=\"https:\/\/wroc.law\/wp-content\/uploads\/2024\/01\/Paulina_21.10.230704.jpg\" class=\"attachment-large size-large wp-image-915\" alt=\"Szymon Zywicki kontakt\" \/>\t\t\t\t\t\t\t\t\t\t\t\t\t\t\t<\/div>\n\t\t\t\t<\/div>\n\t\t\t\t\t<\/div>\n\t\t<\/div>\n\t\t\t\t<div class=\"elementor-column elementor-col-33 elementor-top-column elementor-element elementor-element-9c5daca\" data-id=\"9c5daca\" data-element_type=\"column\">\n\t\t\t<div class=\"elementor-widget-wrap elementor-element-populated\">\n\t\t\t\t\t\t<div class=\"elementor-element elementor-element-08b03cd elementor-list-item-link-full_width elementor-widget elementor-widget-icon-list\" data-id=\"08b03cd\" data-element_type=\"widget\" data-widget_type=\"icon-list.default\">\n\t\t\t\t<div class=\"elementor-widget-container\">\n\t\t\t\t\t\t\t<ul class=\"elementor-icon-list-items\">\n\t\t\t\t\t\t\t<li class=\"elementor-icon-list-item\">\n\t\t\t\t\t\t\t\t\t\t<span class=\"elementor-icon-list-text\"><\/span>\n\t\t\t\t\t\t\t\t\t<\/li>\n\t\t\t\t\t\t\t\t<li class=\"elementor-icon-list-item\">\n\t\t\t\t\t\t\t\t\t\t\t<span class=\"elementor-icon-list-icon\">\n\t\t\t\t\t\t\t<i aria-hidden=\"true\" class=\"fab fa-wpforms\"><\/i>\t\t\t\t\t\t<\/span>\n\t\t\t\t\t\t\t\t\t\t<span class=\"elementor-icon-list-text\">Formularz kontaktowy<\/span>\n\t\t\t\t\t\t\t\t\t<\/li>\n\t\t\t\t\t\t\t\t<li class=\"elementor-icon-list-item\">\n\t\t\t\t\t\t\t\t\t\t<span class=\"elementor-icon-list-text\"><\/span>\n\t\t\t\t\t\t\t\t\t<\/li>\n\t\t\t\t\t\t\t\t<li class=\"elementor-icon-list-item\">\n\t\t\t\t\t\t\t\t\t\t\t<span class=\"elementor-icon-list-icon\">\n\t\t\t\t\t\t\t<i aria-hidden=\"true\" class=\"fas fa-mail-bulk\"><\/i>\t\t\t\t\t\t<\/span>\n\t\t\t\t\t\t\t\t\t\t<span class=\"elementor-icon-list-text\">szymon.zywicki@wroc.law<\/span>\n\t\t\t\t\t\t\t\t\t<\/li>\n\t\t\t\t\t\t\t\t<li class=\"elementor-icon-list-item\">\n\t\t\t\t\t\t\t\t\t\t\t<span class=\"elementor-icon-list-icon\">\n\t\t\t\t\t\t\t<i aria-hidden=\"true\" class=\"fas fa-phone\"><\/i>\t\t\t\t\t\t<\/span>\n\t\t\t\t\t\t\t\t\t\t<span class=\"elementor-icon-list-text\">736 83 85 82<\/span>\n\t\t\t\t\t\t\t\t\t<\/li>\n\t\t\t\t\t\t\t\t<li class=\"elementor-icon-list-item\">\n\t\t\t\t\t\t\t\t\t\t\t<a href=\"https:\/\/signal.org\/pl\/\">\n\n\t\t\t\t\t\t\t\t\t\t\t\t<span class=\"elementor-icon-list-icon\">\n\t\t\t\t\t\t\t<i aria-hidden=\"true\" class=\"fas fa-phone-square\"><\/i>\t\t\t\t\t\t<\/span>\n\t\t\t\t\t\t\t\t\t\t<span class=\"elementor-icon-list-text\">Szyfrowany komunikator Signal<\/span>\n\t\t\t\t\t\t\t\t\t\t\t<\/a>\n\t\t\t\t\t\t\t\t\t<\/li>\n\t\t\t\t\t\t<\/ul>\n\t\t\t\t\t\t<\/div>\n\t\t\t\t<\/div>\n\t\t\t\t\t<\/div>\n\t\t<\/div>\n\t\t\t\t<div class=\"elementor-column elementor-col-33 elementor-top-column elementor-element elementor-element-243cf95\" data-id=\"243cf95\" data-element_type=\"column\">\n\t\t\t<div class=\"elementor-widget-wrap elementor-element-populated\">\n\t\t\t\t\t\t<div class=\"elementor-element elementor-element-829dc37 elementor-widget elementor-widget-wp-widget-weforms_widget\" data-id=\"829dc37\" data-element_type=\"widget\" data-widget_type=\"wp-widget-weforms_widget.default\">\n\t\t\t\t<div class=\"elementor-widget-container\">\n\t\t\t\t\t\r\n        \r\n\r\n                <form class=\"wpuf-form-add weforms-674  wpuf-style\" action=\"\" method=\"post\"   id=\"\">\r\n\r\n            <ul class=\"wpuf-form form-label-above\">\r\n\r\n                        <li class=\"wpuf-el imi__i_nazwisko field-size-large\" data-label=\"Imi\u0119 i nazwisko\">\r\n                    <div class=\"wpuf-label\">\r\n            <label for=\"imi__i_nazwisko_674\">Imi\u0119 i nazwisko <span class=\"required\">*<\/span><\/label>\r\n        <\/div>\r\n                                    <div class=\"wpuf-fields\">\r\n            \r\n                                    <textarea\r\n                        class=\"textareafield  wpuf_imi__i_nazwisko_674\"\r\n                        id=\"imi__i_nazwisko_674\"\r\n                        name=\"imi__i_nazwisko\"\r\n                        data-required=\"yes\"\r\n                        data-type=\"textarea\"\r\n                        placeholder=\"\"\r\n                        rows=\"\"\r\n                        cols=\"\"\r\n                        data-style=\"wpuf-style\"\r\n                    ><\/textarea>\r\n                    <span class=\"wpuf-wordlimit-message wpuf-help\"><\/span>\r\n\r\n                \r\n                        <\/div><\/li>\r\n                <li class=\"wpuf-el adres_e_mail field-size-large\" data-label=\"Adres e-mail\">\r\n                    <div class=\"wpuf-label\">\r\n            <label for=\"adres_e_mail_674\">Adres e-mail <span class=\"required\">*<\/span><\/label>\r\n        <\/div>\r\n        \r\n            <div class=\"wpuf-fields\">\r\n                <input\r\n                    id=\"adres_e_mail_674\"\r\n                    type=\"email\"\r\n                    class=\"email  wpuf_adres_e_mail_674\"\r\n                    data-duplicate=\"\"\r\n                    data-required=\"yes\"\r\n                    data-type=\"email\"\r\n                    data-style=\"wpuf-style\"\r\n                    name=\"adres_e_mail\"\r\n                    placeholder=\"\"\r\n                    value=\"\"\r\n                    size=\"40\"\r\n                    autocomplete=\"email\"\r\n                \/>\r\n                            <\/div>\r\n        <\/li>\r\n                <li class=\"wpuf-el tre___wiadomo_ci field-size-large\" data-label=\"Tre\u015b\u0107 wiadomo\u015bci\">\r\n                    <div class=\"wpuf-label\">\r\n            <label for=\"tre___wiadomo_ci_674\">Tre\u015b\u0107 wiadomo\u015bci <span class=\"required\">*<\/span><\/label>\r\n        <\/div>\r\n                                    <div class=\"wpuf-fields\">\r\n            \r\n                                    <textarea\r\n                        class=\"textareafield  wpuf_tre___wiadomo_ci_674\"\r\n                        id=\"tre___wiadomo_ci_674\"\r\n                        name=\"tre___wiadomo_ci\"\r\n                        data-required=\"yes\"\r\n                        data-type=\"textarea\"\r\n                        placeholder=\"\"\r\n                        rows=\"5\"\r\n                        cols=\"25\"\r\n                        data-style=\"wpuf-style\"\r\n                    ><\/textarea>\r\n                    <span class=\"wpuf-wordlimit-message wpuf-help\"><\/span>\r\n\r\n                \r\n                        <\/div><\/li>\r\n                <li class=\"wpuf-submit\">\r\n            <div class=\"wpuf-label\">\r\n                &nbsp;\r\n            <\/div>\r\n\r\n            <input type=\"hidden\" id=\"_wpnonce\" name=\"_wpnonce\" value=\"eb056a10e3\" \/><input type=\"hidden\" name=\"_wp_http_referer\" value=\"\/index.php\/wp-json\/wp\/v2\/pages\/41\" \/>\r\n            <input type=\"hidden\" name=\"form_id\" value=\"674\">\r\n            <input type=\"hidden\" name=\"page_id\" value=\"41\">\r\n            <input type=\"hidden\" name=\"action\" value=\"weforms_frontend_submit\">\r\n\r\n                            <input type=\"hidden\" name=\"weforms-front-report\" value=\"no\">\r\n            \r\n            \r\n                            <input type=\"submit\" class=\"weforms_submit_btn wpuf_submit_674\" name=\"submit\" value=\"Wy\u015blij wiadomo\u015b\u0107\" \/>\r\n                    <\/li>\r\n                <\/ul>\r\n\r\n        <\/form>\r\n                \t\t\t\t<\/div>\n\t\t\t\t<\/div>\n\t\t\t\t\t<\/div>\n\t\t<\/div>\n\t\t\t\t\t<\/div>\n\t\t<\/section>\n\t\t\t\t<section class=\"elementor-section elementor-top-section elementor-element elementor-element-f693001 elementor-section-boxed elementor-section-height-default elementor-section-height-default\" data-id=\"f693001\" data-element_type=\"section\">\n\t\t\t\t\t\t<div class=\"elementor-container elementor-column-gap-default\">\n\t\t\t\t\t<div class=\"elementor-column elementor-col-100 elementor-top-column elementor-element elementor-element-18149e9\" data-id=\"18149e9\" data-element_type=\"column\">\n\t\t\t<div class=\"elementor-widget-wrap elementor-element-populated\">\n\t\t\t\t\t\t<div class=\"elementor-element elementor-element-f5f6175 elementor-widget elementor-widget-text-editor\" data-id=\"f5f6175\" data-element_type=\"widget\" data-widget_type=\"text-editor.default\">\n\t\t\t\t<div class=\"elementor-widget-container\">\n\t\t\t\t\t\t\t\t\t<p style=\"text-align: justify;\"><span style=\"color: var( --e-global-color-text ); font-family: var( --e-global-typography-text-font-family ), Sans-serif; font-weight: var( --e-global-typography-text-font-weight );\">Obszarem dzia\u0142alno\u015bci Kancelarii jest Warszawa, mo\u017cliwe jest um\u00f3wienie spotkania online jako oferta skierowana do Klient\u00f3w na terenie ca\u0142ej Polski.<\/span><\/p><div style=\"text-align: justify;\"><a href=\"https:\/\/wroc.law\/index.php\/ciasteczka-i-rodo\/\">Klauzula informacyjna<\/a><\/div><div style=\"text-align: justify;\">\u00a0<\/div><div style=\"text-align: justify;\"><span style=\"font-size: 1rem;\">Pami\u0119taj, aby\u015b w formularzu kontaktowym lub korespondencji mailowej nie podawa\u0142 \u017cadnych istotnych informacji, w tym danych osobowych. Mimo zabezpiecze\u0144 taka informacja mo\u017ce zosta\u0107 przej\u0119ta. Przed przes\u0142aniem dokument\u00f3w skontaktuj si\u0119 ze mn\u0105 celem ustalenia bezpiecznej \u015bcie\u017cki wymiany informacji.<\/span><\/div>\t\t\t\t\t\t\t\t<\/div>\n\t\t\t\t<\/div>\n\t\t\t\t\t<\/div>\n\t\t<\/div>\n\t\t\t\t\t<\/div>\n\t\t<\/section>\n\t\t\t\t<\/div>\n\t\t","protected":false},"excerpt":{"rendered":"<p>Kontakt z Kancelari&#261; mo&#380;liwy jest w nast&#281;puj&#261;cych formach: Formularz kontaktowy szymon.zywicki@wroc.law 736 83 85 82 Szyfrowany komunikator Signal Obszarem dzia&#322;alno&#347;ci Kancelarii jest Warszawa, mo&#380;liwe jest um&oacute;wienie spotkania online jako oferta skierowana do Klient&oacute;w na terenie ca&#322;ej Polski. Klauzula informacyjna&nbsp;Pami&#281;taj, aby&#347; w formularzu kontaktowym lub korespondencji mailowej nie podawa&#322; &#380;adnych istotnych informacji, w tym danych osobowych. [&hellip;]<\/p>\n","protected":false},"author":2,"featured_media":660,"parent":0,"menu_order":0,"comment_status":"closed","ping_status":"closed","template":"","meta":{"footnotes":""},"class_list":["post-41","page","type-page","status-publish","has-post-thumbnail","hentry"],"yoast_head":"<!-- This site is optimized with the Yoast SEO plugin v26.6 - https:\/\/yoast.com\/wordpress\/plugins\/seo\/ -->\n<title>kontakt Szymon \u017bywicki Warszawa online radca prawny wroc.law<\/title>\n<meta name=\"description\" content=\"Kontakt: radca prawny Szymon \u017bywicki || szymon.zywicki@wroc.law || 736 83 85 82 || radca prawny Warszawa online || Szymon \u017bywicki wroc.law\" \/>\n<meta name=\"robots\" content=\"index, follow, max-snippet:-1, max-image-preview:large, max-video-preview:-1\" \/>\n<link rel=\"canonical\" href=\"https:\/\/wroc.law\/index.php\/kontakt\/\" \/>\n<meta property=\"og:locale\" content=\"pl_PL\" \/>\n<meta property=\"og:type\" content=\"article\" \/>\n<meta property=\"og:title\" content=\"kontakt Szymon \u017bywicki Warszawa online radca prawny wroc.law\" \/>\n<meta property=\"og:description\" content=\"Kontakt: radca prawny Szymon \u017bywicki || szymon.zywicki@wroc.law || 736 83 85 82 || radca prawny Warszawa online || Szymon \u017bywicki wroc.law\" \/>\n<meta property=\"og:url\" content=\"https:\/\/wroc.law\/index.php\/kontakt\/\" \/>\n<meta property=\"og:site_name\" content=\"Szymon \u017bywicki\" \/>\n<meta property=\"article:modified_time\" content=\"2024-01-19T11:09:48+00:00\" \/>\n<meta property=\"og:image\" content=\"https:\/\/wroc.law\/wp-content\/uploads\/2021\/09\/2.png\" \/>\n\t<meta property=\"og:image:width\" content=\"1350\" \/>\n\t<meta property=\"og:image:height\" content=\"100\" \/>\n\t<meta property=\"og:image:type\" content=\"image\/png\" \/>\n<meta name=\"twitter:card\" content=\"summary_large_image\" \/>\n<meta name=\"twitter:label1\" content=\"Szacowany czas czytania\" \/>\n\t<meta name=\"twitter:data1\" content=\"1 minuta\" \/>\n<script type=\"application\/ld+json\" class=\"yoast-schema-graph\">{\"@context\":\"https:\/\/schema.org\",\"@graph\":[{\"@type\":\"WebPage\",\"@id\":\"https:\/\/wroc.law\/index.php\/kontakt\/\",\"url\":\"https:\/\/wroc.law\/index.php\/kontakt\/\",\"name\":\"kontakt Szymon \u017bywicki Warszawa online radca prawny wroc.law\",\"isPartOf\":{\"@id\":\"https:\/\/wroc.law\/#website\"},\"primaryImageOfPage\":{\"@id\":\"https:\/\/wroc.law\/index.php\/kontakt\/#primaryimage\"},\"image\":{\"@id\":\"https:\/\/wroc.law\/index.php\/kontakt\/#primaryimage\"},\"thumbnailUrl\":\"https:\/\/wroc.law\/wp-content\/uploads\/2021\/09\/2.png\",\"datePublished\":\"2021-01-17T13:29:43+00:00\",\"dateModified\":\"2024-01-19T11:09:48+00:00\",\"description\":\"Kontakt: radca prawny Szymon \u017bywicki || szymon.zywicki@wroc.law || 736 83 85 82 || radca prawny Warszawa online || Szymon \u017bywicki wroc.law\",\"breadcrumb\":{\"@id\":\"https:\/\/wroc.law\/index.php\/kontakt\/#breadcrumb\"},\"inLanguage\":\"pl-PL\",\"potentialAction\":[{\"@type\":\"ReadAction\",\"target\":[\"https:\/\/wroc.law\/index.php\/kontakt\/\"]}]},{\"@type\":\"ImageObject\",\"inLanguage\":\"pl-PL\",\"@id\":\"https:\/\/wroc.law\/index.php\/kontakt\/#primaryimage\",\"url\":\"https:\/\/wroc.law\/wp-content\/uploads\/2021\/09\/2.png\",\"contentUrl\":\"https:\/\/wroc.law\/wp-content\/uploads\/2021\/09\/2.png\",\"width\":1350,\"height\":100},{\"@type\":\"BreadcrumbList\",\"@id\":\"https:\/\/wroc.law\/index.php\/kontakt\/#breadcrumb\",\"itemListElement\":[{\"@type\":\"ListItem\",\"position\":1,\"name\":\"Strona g\u0142\u00f3wna\",\"item\":\"https:\/\/wroc.law\/\"},{\"@type\":\"ListItem\",\"position\":2,\"name\":\"Kontakt\"}]},{\"@type\":\"WebSite\",\"@id\":\"https:\/\/wroc.law\/#website\",\"url\":\"https:\/\/wroc.law\/\",\"name\":\"Szymon \u017bywicki\",\"description\":\"Kancelaria Radcy Prawnego\",\"publisher\":{\"@id\":\"https:\/\/wroc.law\/#organization\"},\"potentialAction\":[{\"@type\":\"SearchAction\",\"target\":{\"@type\":\"EntryPoint\",\"urlTemplate\":\"https:\/\/wroc.law\/?s={search_term_string}\"},\"query-input\":{\"@type\":\"PropertyValueSpecification\",\"valueRequired\":true,\"valueName\":\"search_term_string\"}}],\"inLanguage\":\"pl-PL\"},{\"@type\":\"Organization\",\"@id\":\"https:\/\/wroc.law\/#organization\",\"name\":\"wroc.law Kancelaria Radcy Prawnego Szymon \u017bywicki\",\"url\":\"https:\/\/wroc.law\/\",\"logo\":{\"@type\":\"ImageObject\",\"inLanguage\":\"pl-PL\",\"@id\":\"https:\/\/wroc.law\/#\/schema\/logo\/image\/\",\"url\":\"https:\/\/wroc.law\/wp-content\/uploads\/2020\/10\/cropped-cropped-cropped-cropped-Wroc-law-RGB-C.png\",\"contentUrl\":\"https:\/\/wroc.law\/wp-content\/uploads\/2020\/10\/cropped-cropped-cropped-cropped-Wroc-law-RGB-C.png\",\"width\":1137,\"height\":164,\"caption\":\"wroc.law Kancelaria Radcy Prawnego Szymon \u017bywicki\"},\"image\":{\"@id\":\"https:\/\/wroc.law\/#\/schema\/logo\/image\/\"}}]}<\/script>\n<!-- \/ Yoast SEO plugin. -->","yoast_head_json":{"title":"kontakt Szymon \u017bywicki Warszawa online radca prawny wroc.law","description":"Kontakt: radca prawny Szymon \u017bywicki || szymon.zywicki@wroc.law || 736 83 85 82 || radca prawny Warszawa online || Szymon \u017bywicki wroc.law","robots":{"index":"index","follow":"follow","max-snippet":"max-snippet:-1","max-image-preview":"max-image-preview:large","max-video-preview":"max-video-preview:-1"},"canonical":"https:\/\/wroc.law\/index.php\/kontakt\/","og_locale":"pl_PL","og_type":"article","og_title":"kontakt Szymon \u017bywicki Warszawa online radca prawny wroc.law","og_description":"Kontakt: radca prawny Szymon \u017bywicki || szymon.zywicki@wroc.law || 736 83 85 82 || radca prawny Warszawa online || Szymon \u017bywicki wroc.law","og_url":"https:\/\/wroc.law\/index.php\/kontakt\/","og_site_name":"Szymon \u017bywicki","article_modified_time":"2024-01-19T11:09:48+00:00","og_image":[{"width":1350,"height":100,"url":"https:\/\/wroc.law\/wp-content\/uploads\/2021\/09\/2.png","type":"image\/png"}],"twitter_card":"summary_large_image","twitter_misc":{"Szacowany czas czytania":"1 minuta"},"schema":{"@context":"https:\/\/schema.org","@graph":[{"@type":"WebPage","@id":"https:\/\/wroc.law\/index.php\/kontakt\/","url":"https:\/\/wroc.law\/index.php\/kontakt\/","name":"kontakt Szymon \u017bywicki Warszawa online radca prawny wroc.law","isPartOf":{"@id":"https:\/\/wroc.law\/#website"},"primaryImageOfPage":{"@id":"https:\/\/wroc.law\/index.php\/kontakt\/#primaryimage"},"image":{"@id":"https:\/\/wroc.law\/index.php\/kontakt\/#primaryimage"},"thumbnailUrl":"https:\/\/wroc.law\/wp-content\/uploads\/2021\/09\/2.png","datePublished":"2021-01-17T13:29:43+00:00","dateModified":"2024-01-19T11:09:48+00:00","description":"Kontakt: radca prawny Szymon \u017bywicki || szymon.zywicki@wroc.law || 736 83 85 82 || radca prawny Warszawa online || Szymon \u017bywicki wroc.law","breadcrumb":{"@id":"https:\/\/wroc.law\/index.php\/kontakt\/#breadcrumb"},"inLanguage":"pl-PL","potentialAction":[{"@type":"ReadAction","target":["https:\/\/wroc.law\/index.php\/kontakt\/"]}]},{"@type":"ImageObject","inLanguage":"pl-PL","@id":"https:\/\/wroc.law\/index.php\/kontakt\/#primaryimage","url":"https:\/\/wroc.law\/wp-content\/uploads\/2021\/09\/2.png","contentUrl":"https:\/\/wroc.law\/wp-content\/uploads\/2021\/09\/2.png","width":1350,"height":100},{"@type":"BreadcrumbList","@id":"https:\/\/wroc.law\/index.php\/kontakt\/#breadcrumb","itemListElement":[{"@type":"ListItem","position":1,"name":"Strona g\u0142\u00f3wna","item":"https:\/\/wroc.law\/"},{"@type":"ListItem","position":2,"name":"Kontakt"}]},{"@type":"WebSite","@id":"https:\/\/wroc.law\/#website","url":"https:\/\/wroc.law\/","name":"Szymon \u017bywicki","description":"Kancelaria Radcy Prawnego","publisher":{"@id":"https:\/\/wroc.law\/#organization"},"potentialAction":[{"@type":"SearchAction","target":{"@type":"EntryPoint","urlTemplate":"https:\/\/wroc.law\/?s={search_term_string}"},"query-input":{"@type":"PropertyValueSpecification","valueRequired":true,"valueName":"search_term_string"}}],"inLanguage":"pl-PL"},{"@type":"Organization","@id":"https:\/\/wroc.law\/#organization","name":"wroc.law Kancelaria Radcy Prawnego Szymon \u017bywicki","url":"https:\/\/wroc.law\/","logo":{"@type":"ImageObject","inLanguage":"pl-PL","@id":"https:\/\/wroc.law\/#\/schema\/logo\/image\/","url":"https:\/\/wroc.law\/wp-content\/uploads\/2020\/10\/cropped-cropped-cropped-cropped-Wroc-law-RGB-C.png","contentUrl":"https:\/\/wroc.law\/wp-content\/uploads\/2020\/10\/cropped-cropped-cropped-cropped-Wroc-law-RGB-C.png","width":1137,"height":164,"caption":"wroc.law Kancelaria Radcy Prawnego Szymon \u017bywicki"},"image":{"@id":"https:\/\/wroc.law\/#\/schema\/logo\/image\/"}}]}},"jetpack_sharing_enabled":true,"_links":{"self":[{"href":"https:\/\/wroc.law\/index.php\/wp-json\/wp\/v2\/pages\/41","targetHints":{"allow":["GET"]}}],"collection":[{"href":"https:\/\/wroc.law\/index.php\/wp-json\/wp\/v2\/pages"}],"about":[{"href":"https:\/\/wroc.law\/index.php\/wp-json\/wp\/v2\/types\/page"}],"author":[{"embeddable":true,"href":"https:\/\/wroc.law\/index.php\/wp-json\/wp\/v2\/users\/2"}],"replies":[{"embeddable":true,"href":"https:\/\/wroc.law\/index.php\/wp-json\/wp\/v2\/comments?post=41"}],"version-history":[{"count":88,"href":"https:\/\/wroc.law\/index.php\/wp-json\/wp\/v2\/pages\/41\/revisions"}],"predecessor-version":[{"id":934,"href":"https:\/\/wroc.law\/index.php\/wp-json\/wp\/v2\/pages\/41\/revisions\/934"}],"wp:featuredmedia":[{"embeddable":true,"href":"https:\/\/wroc.law\/index.php\/wp-json\/wp\/v2\/media\/660"}],"wp:attachment":[{"href":"https:\/\/wroc.law\/index.php\/wp-json\/wp\/v2\/media?parent=41"}],"curies":[{"name":"wp","href":"https:\/\/api.w.org\/{rel}","templated":true}]}}